{"id":574,"date":"2017-07-27T06:25:42","date_gmt":"2017-07-27T04:25:42","guid":{"rendered":"http:\/\/legitedestempliers.fr\/index.php\/home"},"modified":"2026-02-25T10:56:45","modified_gmt":"2026-02-25T09:56:45","slug":"gite-3-etoiles-a-plurien-entre-le-cap-frehel-et-cap-derquy","status":"publish","type":"page","link":"https:\/\/legitedestempliers.fr\/","title":{"rendered":"Home"},"content":{"rendered":"\t\t<div data-elementor-type=\"wp-page\" data-elementor-id=\"574\" class=\"elementor elementor-574\">\n\t\t\t\t\t\t<section class=\"elementor-section elementor-top-section elementor-element elementor-element-e1acd00 elementor-section-boxed elementor-section-height-default elementor-section-height-default\" data-id=\"e1acd00\" data-element_type=\"section\">\n\t\t\t\t\t\t<div class=\"elementor-container elementor-column-gap-default\">\n\t\t\t\t\t<div class=\"elementor-column elementor-col-100 elementor-top-column elementor-element elementor-element-05c688c\" data-id=\"05c688c\" data-element_type=\"column\">\n\t\t\t<div class=\"elementor-widget-wrap elementor-element-populated\">\n\t\t\t\t\t\t<div class=\"elementor-element elementor-element-a996b4f elementor-widget elementor-widget-heading\" data-id=\"a996b4f\" data-element_type=\"widget\" data-widget_type=\"heading.default\">\n\t\t\t\t<div class=\"elementor-widget-container\">\n\t\t\t\t\t<h2 class=\"elementor-heading-title elementor-size-default\"><span data-elementor-setting-key=\"title\" data-pen-placeholder=\"\u00c9crivez ici...\" style=\"border: 0px;vertical-align: baseline;clear: both;color: var( --e-global-color-astglobalcolor5 );line-height: 1.2;text-transform: uppercase;letter-spacing: 4px;text-align: center\">LE GITE DES TEMPLIERS<\/span><\/h2>\t\t\t\t<\/div>\n\t\t\t\t<\/div>\n\t\t\t\t\t<\/div>\n\t\t<\/div>\n\t\t\t\t\t<\/div>\n\t\t<\/section>\n\t\t\t\t<section class=\"elementor-section elementor-top-section elementor-element elementor-element-b8e8943 elementor-section-boxed elementor-section-height-default elementor-section-height-default\" data-id=\"b8e8943\" data-element_type=\"section\">\n\t\t\t\t\t\t<div class=\"elementor-container elementor-column-gap-default\">\n\t\t\t\t\t<div class=\"elementor-column elementor-col-100 elementor-top-column elementor-element elementor-element-441355c\" data-id=\"441355c\" data-element_type=\"column\">\n\t\t\t<div class=\"elementor-widget-wrap elementor-element-populated\">\n\t\t\t\t\t\t<div class=\"elementor-element elementor-element-9cce45d elementor-widget elementor-widget-heading\" data-id=\"9cce45d\" data-element_type=\"widget\" data-widget_type=\"heading.default\">\n\t\t\t\t<div class=\"elementor-widget-container\">\n\t\t\t\t\t<h2 class=\"elementor-heading-title elementor-size-default\"><span class=\"elementor-heading-title elementor-size-default elementor-inline-editing pen\" data-elementor-setting-key=\"title\" data-pen-placeholder=\"\u00c9crivez ici...\" style=\"border: 0px;font-size: 1.176471rem;vertical-align: baseline;clear: both;color: var( --e-global-color-astglobalcolor5 );line-height: 1.6\">Entre le Cap Fr\u00e9hel et le Cap D'Erquy<\/span><\/h2>\t\t\t\t<\/div>\n\t\t\t\t<\/div>\n\t\t\t\t\t<\/div>\n\t\t<\/div>\n\t\t\t\t\t<\/div>\n\t\t<\/section>\n\t\t\t\t<section class=\"elementor-section elementor-top-section elementor-element elementor-element-249ae8af elementor-section-height-min-height elementor-section-boxed elementor-section-height-default elementor-section-items-middle\" data-id=\"249ae8af\" data-element_type=\"section\" data-settings=\"{&quot;background_background&quot;:&quot;classic&quot;}\">\n\t\t\t\t\t\t\t<div class=\"elementor-background-overlay\"><\/div>\n\t\t\t\t\t\t\t<div class=\"elementor-container elementor-column-gap-no\">\n\t\t\t\t\t<div class=\"elementor-column elementor-col-100 elementor-top-column elementor-element elementor-element-ed9e443\" data-id=\"ed9e443\" data-element_type=\"column\">\n\t\t\t<div class=\"elementor-widget-wrap\">\n\t\t\t\t\t\t\t<\/div>\n\t\t<\/div>\n\t\t\t\t\t<\/div>\n\t\t<\/section>\n\t\t\t\t<section class=\"elementor-section elementor-top-section elementor-element elementor-element-58f5698 elementor-section-boxed elementor-section-height-default elementor-section-height-default\" data-id=\"58f5698\" data-element_type=\"section\">\n\t\t\t\t\t\t<div class=\"elementor-container elementor-column-gap-default\">\n\t\t\t\t\t<div class=\"elementor-column elementor-col-100 elementor-top-column elementor-element elementor-element-5a149c4\" data-id=\"5a149c4\" data-element_type=\"column\">\n\t\t\t<div class=\"elementor-widget-wrap elementor-element-populated\">\n\t\t\t\t\t\t<div class=\"elementor-element elementor-element-a0dba0e elementor-widget elementor-widget-video\" data-id=\"a0dba0e\" data-element_type=\"widget\" data-settings=\"{&quot;youtube_url&quot;:&quot;https:\\\/\\\/www.youtube.com\\\/watch?v=m-8iQYpTmAA&amp;embeds_referring_euri=http%3A%2F%2Flegitedestempliers.free.fr%2F&amp;source_ve_path=Mjg2NjY&amp;feature=emb_logo&quot;,&quot;video_type&quot;:&quot;youtube&quot;,&quot;controls&quot;:&quot;yes&quot;}\" data-widget_type=\"video.default\">\n\t\t\t\t<div class=\"elementor-widget-container\">\n\t\t\t\t\t\t\t<div class=\"elementor-wrapper elementor-open-inline\">\n\t\t\t<div class=\"elementor-video\"><\/div>\t\t<\/div>\n\t\t\t\t\t\t<\/div>\n\t\t\t\t<\/div>\n\t\t\t\t\t<\/div>\n\t\t<\/div>\n\t\t\t\t\t<\/div>\n\t\t<\/section>\n\t\t\t\t<section class=\"elementor-section elementor-top-section elementor-element elementor-element-32bab377 elementor-section-content-middle elementor-section-boxed elementor-section-height-default elementor-section-height-default\" data-id=\"32bab377\" data-element_type=\"section\" id=\"about\">\n\t\t\t\t\t\t<div class=\"elementor-container elementor-column-gap-no\">\n\t\t\t\t\t<div class=\"elementor-column elementor-col-100 elementor-top-column elementor-element elementor-element-4bc8a284\" data-id=\"4bc8a284\" data-element_type=\"column\">\n\t\t\t<div class=\"elementor-widget-wrap elementor-element-populated\">\n\t\t\t\t\t\t<div class=\"elementor-element elementor-element-555e3b2 elementor-widget elementor-widget-heading\" data-id=\"555e3b2\" data-element_type=\"widget\" data-widget_type=\"heading.default\">\n\t\t\t\t<div class=\"elementor-widget-container\">\n\t\t\t\t\t<h2 class=\"elementor-heading-title elementor-size-default\">Sophie et Emmanuel Morin<\/h2>\t\t\t\t<\/div>\n\t\t\t\t<\/div>\n\t\t\t\t<div class=\"elementor-element elementor-element-100445f4 elementor-widget elementor-widget-text-editor\" data-id=\"100445f4\" data-element_type=\"widget\" data-widget_type=\"text-editor.default\">\n\t\t\t\t<div class=\"elementor-widget-container\">\n\t\t\t\t\t\t\t\t\t<p><strong>Sophie et Emmanuel Morin sont heureux\u00a0 de vous accueillir \u00e0 La Haute Cailliboti\u00e8re en\u00a0PLURIEN<\/strong><\/p><h1><strong>Le site est en cours de modification<\/strong>\u00a0<\/h1>\t\t\t\t\t\t\t\t<\/div>\n\t\t\t\t<\/div>\n\t\t\t\t<section class=\"elementor-section elementor-inner-section elementor-element elementor-element-20e0ba43 elementor-section-content-middle elementor-section-boxed elementor-section-height-default elementor-section-height-default\" data-id=\"20e0ba43\" data-element_type=\"section\">\n\t\t\t\t\t\t<div class=\"elementor-container elementor-column-gap-default\">\n\t\t\t\t\t<div class=\"elementor-column elementor-col-50 elementor-inner-column elementor-element elementor-element-2423c490\" data-id=\"2423c490\" data-element_type=\"column\">\n\t\t\t<div class=\"elementor-widget-wrap elementor-element-populated\">\n\t\t\t\t\t\t<div class=\"elementor-element elementor-element-12502b25 elementor-widget elementor-widget-image\" data-id=\"12502b25\" data-element_type=\"widget\" data-widget_type=\"image.default\">\n\t\t\t\t<div class=\"elementor-widget-container\">\n\t\t\t\t\t\t\t\t\t\t\t\t\t\t\t<img fetchpriority=\"high\" decoding=\"async\" width=\"1432\" height=\"952\" src=\"https:\/\/legitedestempliers.fr\/wp-content\/uploads\/2023\/09\/PhotoDuGite-Veranda-.png\" class=\"attachment-full size-full wp-image-633\" alt=\"\" srcset=\"https:\/\/legitedestempliers.fr\/wp-content\/uploads\/2023\/09\/PhotoDuGite-Veranda-.png 1432w, https:\/\/legitedestempliers.fr\/wp-content\/uploads\/2023\/09\/PhotoDuGite-Veranda--300x199.png 300w, https:\/\/legitedestempliers.fr\/wp-content\/uploads\/2023\/09\/PhotoDuGite-Veranda--1024x681.png 1024w, https:\/\/legitedestempliers.fr\/wp-content\/uploads\/2023\/09\/PhotoDuGite-Veranda--768x511.png 768w\" sizes=\"(max-width: 1432px) 100vw, 1432px\" \/>\t\t\t\t\t\t\t\t\t\t\t\t\t\t\t<\/div>\n\t\t\t\t<\/div>\n\t\t\t\t\t<\/div>\n\t\t<\/div>\n\t\t\t\t<div class=\"elementor-column elementor-col-50 elementor-inner-column elementor-element elementor-element-74e5cc99\" data-id=\"74e5cc99\" data-element_type=\"column\">\n\t\t\t<div class=\"elementor-widget-wrap elementor-element-populated\">\n\t\t\t\t\t\t<div class=\"elementor-element elementor-element-5322b26a elementor-widget elementor-widget-heading\" data-id=\"5322b26a\" data-element_type=\"widget\" data-widget_type=\"heading.default\">\n\t\t\t\t<div class=\"elementor-widget-container\">\n\t\t\t\t\t<h3 class=\"elementor-heading-title elementor-size-default\">Notre g\u00eete, class\u00e9 3 \u00e9toiles, et 2 \u00e9pis \u00e0 Gites de France, vous accueille de mars \u00e0 Octobre<\/h3>\t\t\t\t<\/div>\n\t\t\t\t<\/div>\n\t\t\t\t<div class=\"elementor-element elementor-element-4cc8690f elementor-widget elementor-widget-text-editor\" data-id=\"4cc8690f\" data-element_type=\"widget\" data-widget_type=\"text-editor.default\">\n\t\t\t\t<div class=\"elementor-widget-container\">\n\t\t\t\t\t\t\t\t\t<p>Pour des vacances paisibles, \u00e0 seulement 5 minutes de la mer, optez pour ce charmant g\u00eete en pierre r\u00e9nov\u00e9 avec soin. Sa spacieuse v\u00e9randa, offrant un espace de d\u00e9tente et de s\u00e9jour, est orient\u00e9e au sud, vous permettant de profiter pleinement des journ\u00e9es ensoleill\u00e9es.<\/p>\t\t\t\t\t\t\t\t<\/div>\n\t\t\t\t<\/div>\n\t\t\t\t<div class=\"elementor-element elementor-element-3861555f elementor-widget elementor-widget-text-editor\" data-id=\"3861555f\" data-element_type=\"widget\" data-widget_type=\"text-editor.default\">\n\t\t\t\t<div class=\"elementor-widget-container\">\n\t\t\t\t\t\t\t\t\t<p>\u00a0Pour vos soir\u00e9es, allumez le\u00a0 barbecue et installez\u00a0 vous sur la terrasse priv\u00e9e,\u00a0 expos\u00e9e au sud. Le jardin paysager, dot\u00e9 d&rsquo;une balan\u00e7oire fera le bonheur de vos enfants pendant que vous pr\u00e9parez le pique-nique pour la plage.<\/p><p>De votre pied \u00e0 terre, vous pourrez explorer les magnifiques plages de la c\u00f4te d&rsquo;\u00c9meraude, la station baln\u00e9aire des Sables d&rsquo;Or-les-Pins \u00e0 seulement 5 minutes, l&#8217;embl\u00e9matique Cap Fr\u00e9hel et le Fort La Latte \u00e0 proximit\u00e9, sans oublier Saint-Malo et le Mont Saint-Michel, id\u00e9al pour des excursions \u00e0 la journ\u00e9e.<\/p>\t\t\t\t\t\t\t\t<\/div>\n\t\t\t\t<\/div>\n\t\t\t\t\t<\/div>\n\t\t<\/div>\n\t\t\t\t\t<\/div>\n\t\t<\/section>\n\t\t\t\t\t<\/div>\n\t\t<\/div>\n\t\t\t\t\t<\/div>\n\t\t<\/section>\n\t\t\t\t<section class=\"elementor-section elementor-top-section elementor-element elementor-element-8bf60c5 elementor-section-boxed elementor-section-height-default elementor-section-height-default\" data-id=\"8bf60c5\" data-element_type=\"section\">\n\t\t\t\t\t\t<div class=\"elementor-container elementor-column-gap-default\">\n\t\t\t\t\t<div class=\"elementor-column elementor-col-100 elementor-top-column elementor-element elementor-element-351ff51\" data-id=\"351ff51\" data-element_type=\"column\">\n\t\t\t<div class=\"elementor-widget-wrap elementor-element-populated\">\n\t\t\t\t\t\t<div class=\"elementor-element elementor-element-5e6ba65 elementor-widget elementor-widget-image\" data-id=\"5e6ba65\" data-element_type=\"widget\" data-widget_type=\"image.default\">\n\t\t\t\t<div class=\"elementor-widget-container\">\n\t\t\t\t\t\t\t\t\t\t\t\t\t\t\t<img decoding=\"async\" src=\"http:\/\/legitedestempliers.fr\/wp-content\/uploads\/2025\/04\/05_Logo_GITES-DE-FRANCE_100x100mm_3-Couleurs_RVB.png\" title=\"\" alt=\"\" loading=\"lazy\" \/>\t\t\t\t\t\t\t\t\t\t\t\t\t\t\t<\/div>\n\t\t\t\t<\/div>\n\t\t\t\t\t<\/div>\n\t\t<\/div>\n\t\t\t\t\t<\/div>\n\t\t<\/section>\n\t\t\t\t<\/div>\n\t\t","protected":false},"excerpt":{"rendered":"<p>LE GITE DES TEMPLIERS Entre le Cap Fr\u00e9hel et le Cap D&rsquo;Erquy Sophie et Emmanuel Morin Sophie et Emmanuel Morin sont heureux\u00a0 de vous accueillir \u00e0 La Haute Cailliboti\u00e8re en\u00a0PLURIEN Le site est en cours de modification\u00a0 Notre g\u00eete, class\u00e9 3 \u00e9toiles, et 2 \u00e9pis \u00e0 Gites de France, vous accueille de mars \u00e0 Octobre &hellip;<\/p>\n<p class=\"read-more\"> <a class=\"\" href=\"https:\/\/legitedestempliers.fr\/\"> <span class=\"screen-reader-text\">Home<\/span> Lire la suite\u00a0\u00bb<\/a><\/p>\n","protected":false},"author":2,"featured_media":0,"parent":0,"menu_order":0,"comment_status":"closed","ping_status":"closed","template":"","meta":{"site-sidebar-layout":"no-sidebar","site-content-layout":"page-builder","ast-site-content-layout":"full-width-container","site-content-style":"unboxed","site-sidebar-style":"unboxed","ast-global-header-display":"","ast-banner-title-visibility":"","ast-main-header-display":"","ast-hfb-above-header-display":"","ast-hfb-below-header-display":"","ast-hfb-mobile-header-display":"","site-post-title":"disabled","ast-breadcrumbs-content":"","ast-featured-img":"disabled","footer-sml-layout":"","theme-transparent-header-meta":"enabled","adv-header-id-meta":"","stick-header-meta":"","header-above-stick-meta":"","header-main-stick-meta":"","header-below-stick-meta":"","astra-migrate-meta-layouts":"set","footnotes":""},"class_list":["post-574","page","type-page","status-publish","hentry"],"yoast_head":"<!-- This site is optimized with the Yoast SEO plugin v25.6 - https:\/\/yoast.com\/wordpress\/plugins\/seo\/ -->\n<title>G\u00eete 3 \u00e9toiles \u00e0 Plurien entre le Cap Frehel et Cap d&#039;Erquy<\/title>\n<meta name=\"description\" content=\"D\u00e9couvrez La Haute Cailliboti\u00e8re,g\u00eete 3 \u00e9toiles \u00e0 Plurien,\u00e0 5 min de la mer. Profitez d&#039;une v\u00e9randa spacieuse,d&#039;une terrasse ensoleill\u00e9e...\" \/>\n<meta name=\"robots\" content=\"index, follow, max-snippet:-1, max-image-preview:large, max-video-preview:-1\" \/>\n<link rel=\"canonical\" href=\"https:\/\/legitedestempliers.fr\/\" \/>\n<meta property=\"og:locale\" content=\"fr_FR\" \/>\n<meta property=\"og:type\" content=\"article\" \/>\n<meta property=\"og:title\" content=\"G\u00eete 3 \u00e9toiles \u00e0 Plurien entre le Cap Frehel et Cap d&#039;Erquy\" \/>\n<meta property=\"og:description\" content=\"D\u00e9couvrez La Haute Cailliboti\u00e8re,g\u00eete 3 \u00e9toiles \u00e0 Plurien,\u00e0 5 min de la mer. Profitez d&#039;une v\u00e9randa spacieuse,d&#039;une terrasse ensoleill\u00e9e...\" \/>\n<meta property=\"og:url\" content=\"https:\/\/legitedestempliers.fr\/\" \/>\n<meta property=\"og:site_name\" content=\"Le Gite Des Templiers\" \/>\n<meta property=\"article:modified_time\" content=\"2026-02-25T09:56:45+00:00\" \/>\n<meta property=\"og:image\" content=\"https:\/\/legitedestempliers.fr\/wp-content\/uploads\/2023\/09\/PhotoDuGite-Veranda-.png\" \/>\n\t<meta property=\"og:image:width\" content=\"1432\" \/>\n\t<meta property=\"og:image:height\" content=\"952\" \/>\n\t<meta property=\"og:image:type\" content=\"image\/png\" \/>\n<meta name=\"twitter:card\" content=\"summary_large_image\" \/>\n<meta name=\"twitter:label1\" content=\"Dur\u00e9e de lecture estim\u00e9e\" \/>\n\t<meta name=\"twitter:data1\" content=\"2 minutes\" \/>\n<script type=\"application\/ld+json\" class=\"yoast-schema-graph\">{\"@context\":\"https:\/\/schema.org\",\"@graph\":[{\"@type\":\"WebPage\",\"@id\":\"https:\/\/legitedestempliers.fr\/\",\"url\":\"https:\/\/legitedestempliers.fr\/\",\"name\":\"G\u00eete 3 \u00e9toiles \u00e0 Plurien entre le Cap Frehel et Cap d'Erquy\",\"isPartOf\":{\"@id\":\"https:\/\/legitedestempliers.fr\/#website\"},\"primaryImageOfPage\":{\"@id\":\"https:\/\/legitedestempliers.fr\/#primaryimage\"},\"image\":{\"@id\":\"https:\/\/legitedestempliers.fr\/#primaryimage\"},\"thumbnailUrl\":\"http:\/\/legitedestempliers.fr\/wp-content\/uploads\/2023\/09\/PhotoDuGite-Veranda-.png\",\"datePublished\":\"2017-07-27T04:25:42+00:00\",\"dateModified\":\"2026-02-25T09:56:45+00:00\",\"description\":\"D\u00e9couvrez La Haute Cailliboti\u00e8re,g\u00eete 3 \u00e9toiles \u00e0 Plurien,\u00e0 5 min de la mer. Profitez d'une v\u00e9randa spacieuse,d'une terrasse ensoleill\u00e9e...\",\"breadcrumb\":{\"@id\":\"https:\/\/legitedestempliers.fr\/#breadcrumb\"},\"inLanguage\":\"fr-FR\",\"potentialAction\":[{\"@type\":\"ReadAction\",\"target\":[\"https:\/\/legitedestempliers.fr\/\"]}]},{\"@type\":\"ImageObject\",\"inLanguage\":\"fr-FR\",\"@id\":\"https:\/\/legitedestempliers.fr\/#primaryimage\",\"url\":\"https:\/\/legitedestempliers.fr\/wp-content\/uploads\/2023\/09\/PhotoDuGite-Veranda-.png\",\"contentUrl\":\"https:\/\/legitedestempliers.fr\/wp-content\/uploads\/2023\/09\/PhotoDuGite-Veranda-.png\",\"width\":1432,\"height\":952,\"caption\":\"V\u00e9randa Plein Sud\"},{\"@type\":\"BreadcrumbList\",\"@id\":\"https:\/\/legitedestempliers.fr\/#breadcrumb\",\"itemListElement\":[{\"@type\":\"ListItem\",\"position\":1,\"name\":\"Accueil\",\"item\":\"https:\/\/legitedestempliers.fr\/\"},{\"@type\":\"ListItem\",\"position\":2,\"name\":\"Home\"}]},{\"@type\":\"WebSite\",\"@id\":\"https:\/\/legitedestempliers.fr\/#website\",\"url\":\"https:\/\/legitedestempliers.fr\/\",\"name\":\"Le Gite Des Templiers\",\"description\":\"Entre le Cap Frehel et le Cap d&#039;Erquy\",\"potentialAction\":[{\"@type\":\"SearchAction\",\"target\":{\"@type\":\"EntryPoint\",\"urlTemplate\":\"https:\/\/legitedestempliers.fr\/?s={search_term_string}\"},\"query-input\":{\"@type\":\"PropertyValueSpecification\",\"valueRequired\":true,\"valueName\":\"search_term_string\"}}],\"inLanguage\":\"fr-FR\"}]}<\/script>\n<!-- \/ Yoast SEO plugin. -->","yoast_head_json":{"title":"G\u00eete 3 \u00e9toiles \u00e0 Plurien entre le Cap Frehel et Cap d'Erquy","description":"D\u00e9couvrez La Haute Cailliboti\u00e8re,g\u00eete 3 \u00e9toiles \u00e0 Plurien,\u00e0 5 min de la mer. Profitez d'une v\u00e9randa spacieuse,d'une terrasse ensoleill\u00e9e...","robots":{"index":"index","follow":"follow","max-snippet":"max-snippet:-1","max-image-preview":"max-image-preview:large","max-video-preview":"max-video-preview:-1"},"canonical":"https:\/\/legitedestempliers.fr\/","og_locale":"fr_FR","og_type":"article","og_title":"G\u00eete 3 \u00e9toiles \u00e0 Plurien entre le Cap Frehel et Cap d'Erquy","og_description":"D\u00e9couvrez La Haute Cailliboti\u00e8re,g\u00eete 3 \u00e9toiles \u00e0 Plurien,\u00e0 5 min de la mer. Profitez d'une v\u00e9randa spacieuse,d'une terrasse ensoleill\u00e9e...","og_url":"https:\/\/legitedestempliers.fr\/","og_site_name":"Le Gite Des Templiers","article_modified_time":"2026-02-25T09:56:45+00:00","og_image":[{"width":1432,"height":952,"url":"https:\/\/legitedestempliers.fr\/wp-content\/uploads\/2023\/09\/PhotoDuGite-Veranda-.png","type":"image\/png"}],"twitter_card":"summary_large_image","twitter_misc":{"Dur\u00e9e de lecture estim\u00e9e":"2 minutes"},"schema":{"@context":"https:\/\/schema.org","@graph":[{"@type":"WebPage","@id":"https:\/\/legitedestempliers.fr\/","url":"https:\/\/legitedestempliers.fr\/","name":"G\u00eete 3 \u00e9toiles \u00e0 Plurien entre le Cap Frehel et Cap d'Erquy","isPartOf":{"@id":"https:\/\/legitedestempliers.fr\/#website"},"primaryImageOfPage":{"@id":"https:\/\/legitedestempliers.fr\/#primaryimage"},"image":{"@id":"https:\/\/legitedestempliers.fr\/#primaryimage"},"thumbnailUrl":"http:\/\/legitedestempliers.fr\/wp-content\/uploads\/2023\/09\/PhotoDuGite-Veranda-.png","datePublished":"2017-07-27T04:25:42+00:00","dateModified":"2026-02-25T09:56:45+00:00","description":"D\u00e9couvrez La Haute Cailliboti\u00e8re,g\u00eete 3 \u00e9toiles \u00e0 Plurien,\u00e0 5 min de la mer. Profitez d'une v\u00e9randa spacieuse,d'une terrasse ensoleill\u00e9e...","breadcrumb":{"@id":"https:\/\/legitedestempliers.fr\/#breadcrumb"},"inLanguage":"fr-FR","potentialAction":[{"@type":"ReadAction","target":["https:\/\/legitedestempliers.fr\/"]}]},{"@type":"ImageObject","inLanguage":"fr-FR","@id":"https:\/\/legitedestempliers.fr\/#primaryimage","url":"https:\/\/legitedestempliers.fr\/wp-content\/uploads\/2023\/09\/PhotoDuGite-Veranda-.png","contentUrl":"https:\/\/legitedestempliers.fr\/wp-content\/uploads\/2023\/09\/PhotoDuGite-Veranda-.png","width":1432,"height":952,"caption":"V\u00e9randa Plein Sud"},{"@type":"BreadcrumbList","@id":"https:\/\/legitedestempliers.fr\/#breadcrumb","itemListElement":[{"@type":"ListItem","position":1,"name":"Accueil","item":"https:\/\/legitedestempliers.fr\/"},{"@type":"ListItem","position":2,"name":"Home"}]},{"@type":"WebSite","@id":"https:\/\/legitedestempliers.fr\/#website","url":"https:\/\/legitedestempliers.fr\/","name":"Le Gite Des Templiers","description":"Entre le Cap Frehel et le Cap d&#039;Erquy","potentialAction":[{"@type":"SearchAction","target":{"@type":"EntryPoint","urlTemplate":"https:\/\/legitedestempliers.fr\/?s={search_term_string}"},"query-input":{"@type":"PropertyValueSpecification","valueRequired":true,"valueName":"search_term_string"}}],"inLanguage":"fr-FR"}]}},"_links":{"self":[{"href":"https:\/\/legitedestempliers.fr\/index.php\/wp-json\/wp\/v2\/pages\/574","targetHints":{"allow":["GET"]}}],"collection":[{"href":"https:\/\/legitedestempliers.fr\/index.php\/wp-json\/wp\/v2\/pages"}],"about":[{"href":"https:\/\/legitedestempliers.fr\/index.php\/wp-json\/wp\/v2\/types\/page"}],"author":[{"embeddable":true,"href":"https:\/\/legitedestempliers.fr\/index.php\/wp-json\/wp\/v2\/users\/2"}],"replies":[{"embeddable":true,"href":"https:\/\/legitedestempliers.fr\/index.php\/wp-json\/wp\/v2\/comments?post=574"}],"version-history":[{"count":103,"href":"https:\/\/legitedestempliers.fr\/index.php\/wp-json\/wp\/v2\/pages\/574\/revisions"}],"predecessor-version":[{"id":1392,"href":"https:\/\/legitedestempliers.fr\/index.php\/wp-json\/wp\/v2\/pages\/574\/revisions\/1392"}],"wp:attachment":[{"href":"https:\/\/legitedestempliers.fr\/index.php\/wp-json\/wp\/v2\/media?parent=574"}],"curies":[{"name":"wp","href":"https:\/\/api.w.org\/{rel}","templated":true}]}}